{"id":7564,"date":"2024-01-29T08:21:44","date_gmt":"2024-01-29T08:21:44","guid":{"rendered":"https:\/\/www.7rsa.pl\/?page_id=7564"},"modified":"2025-03-26T12:21:43","modified_gmt":"2025-03-26T12:21:43","slug":"zasady-ochrany-osobnich-udaju","status":"publish","type":"page","link":"https:\/\/www.7rsa.pl\/cs\/zasady-ochrany-osobnich-udaju\/","title":{"rendered":"Z\u00e1sady ochrany osobn\u00edch \u00fadaj\u016f"},"content":{"rendered":"\n<section class=\"breadcrumbs\">\n    <div class=\"container\">\n        <div class=\"breadcrumbs__mobile\">\n            <a href=\"https:\/\/www.7rsa.pl\" class=\"breadcrumbs__item breadcrumbs__item--link\" title=\"Domovsk\u00e1 str\u00e1nka\" target=\"\">\n                <i class=\"icon-arrow\"><\/i>\n                Domovsk\u00e1 str\u00e1nka            <\/a>\n        <\/div>\n        <div class=\"breadcrumbs__content\"><i class=\"icon-home\"><\/i><span><span><a href=\"https:\/\/www.7rsa.pl\/cs\/\">Home<\/a><\/span><\/span><\/div>    <\/div>\n<\/section>\n\n    <section class=\"text-section text\"  >\n        <div class=\"container\">\n            <h1 style=\"text-align: center\">Z\u00e1sady ochrany osobn\u00edch \u00fadaj\u016f<\/h1>\n<p>&nbsp;<\/p>\n<h3>1. Obecn\u00e1 ustanoven\u00ed<\/h3>\n<p><strong>1.1.<\/strong> Tento dokument obsahuje informace o tom, jak zpracov\u00e1v\u00e1me osobn\u00ed \u00fadaje, v\u010detn\u011b t\u011bch, o nich\u017e se hovo\u0159\u00ed v \u010dl\u00e1nku 13 a 14 na\u0159\u00edzen\u00ed Evropsk\u00e9ho parlamentu a Rady (EU) 2016\/679 ze dne 27. dubna 2016 o ochran\u011b fyzick\u00fdch osob v souvislosti se zpracov\u00e1n\u00edm osobn\u00edch \u00fadaj\u016f a o voln\u00e9m pohybu t\u011bchto \u00fadaj\u016f a o zru\u0161en\u00ed sm\u011brnice 95\/46\/ES (d\u00e1le jen \u201e<strong>GDPR<\/strong>\u201c).<\/p>\n<p><strong>1.2.<\/strong> Upozor\u0148ujeme, \u017ee opu\u0161t\u011bn\u00edm na\u0161ich webov\u00fdch str\u00e1nek (nap\u0159. p\u0159echodem na webovou str\u00e1nku v jin\u00e9 dom\u00e9n\u011b prost\u0159ednictv\u00edm odkazu) u\u017eivatel p\u0159ech\u00e1z\u00ed do oblasti, kde se na\u0159\u00edzen\u00ed o ochran\u011b osobn\u00edch \u00fadaj\u016f nevztahuje. Spole\u010dnost nenese odpov\u011bdnost za z\u00e1sady ochrany osobn\u00edch \u00fadaj\u016f platn\u00e9 na str\u00e1nk\u00e1ch spravovan\u00fdch jin\u00fdmi subjekty.<\/p>\n<p>&nbsp;<\/p>\n<h3>2. Spr\u00e1vce osobn\u00edch \u00fadaj\u016f<\/h3>\n<p><strong>2.1.<\/strong> Spr\u00e1vcem osobn\u00edch \u00fadaj\u016f je <strong>7R Czech s.r.o.\u00a0se s\u00eddlem v Krakov\u011b<\/strong> (adresa: ul. Ludwinowska 7, 30-331 Krakov), zapsan\u00e1 do rejst\u0159\u00edku podnikatel\u016f Krajov\u00e9ho rejst\u0159\u00edku soudn\u00edho veden\u00e9ho Krajsk\u00fdm soudem pro Krakov \u2013 St\u0159ed, XI. obchodn\u00ed odd\u011blen\u00ed Krajov\u00e9ho rejst\u0159\u00edku soudn\u00edho pod \u010d\u00edslem KRS: 0000379632, NIP: 6772320831 a REGON: 120812966 (d\u00e1le jen \u201e<strong>Spole\u010dnost<\/strong>\u201c).<\/p>\n<p><strong>2.2.<\/strong> Spole\u010dnost v\u011bnuje zvl\u00e1\u0161tn\u00ed pozornost tomu, aby v\u0161echny osobn\u00ed \u00fadaje byly zpracov\u00e1v\u00e1ny v souladu s \u00fa\u010delem, pro kter\u00fd byly shrom\u00e1\u017ed\u011bny, a v souladu s pr\u00e1vn\u00edmi p\u0159edpisy t\u00fdkaj\u00edc\u00edmi se \u00fa\u010del\u016f a kategori\u00ed zpracov\u00e1van\u00fdch \u00fadaj\u016f.<\/p>\n<p>&nbsp;<\/p>\n<h3>3. Kontakt<\/h3>\n<p><strong>3.1.<\/strong> V\u0161echny z\u00e1le\u017eitosti t\u00fdkaj\u00edc\u00ed se zpracov\u00e1n\u00ed a ochrany osobn\u00edch \u00fadaj\u016f lze \u0159e\u0161it prost\u0159ednictv\u00edm e-mailu: <a href=\"mailto:czech@7rsa.pl\" target=\"_blank\" rel=\"noopener\">czech@7rsa.pl<\/a>\u00a0nebo p\u00edsemn\u011b na adresu spole\u010dnosti uvedenou v bod\u011b 2.1 v\u00fd\u0161e.<\/p>\n<p>&nbsp;<\/p>\n<h3>4. Bezpe\u010dnost a uchov\u00e1v\u00e1n\u00ed informac\u00ed a z\u00e1sady zpracov\u00e1n\u00ed \u00fadaj\u016f<\/h3>\n<p><strong>4.1.<\/strong> Spole\u010dnost zaji\u0161\u0165uje bezpe\u010dnost osobn\u00edch \u00fadaj\u016f prost\u0159ednictv\u00edm odpov\u00eddaj\u00edc\u00edch technick\u00fdch a organiza\u010dn\u00edch opat\u0159en\u00ed, kter\u00e1 maj\u00ed za c\u00edl zabr\u00e1nit nez\u00e1konn\u00e9mu zpracov\u00e1n\u00ed \u00fadaj\u016f, jejich n\u00e1hodn\u00e9 ztr\u00e1t\u011b, zni\u010den\u00ed nebo po\u0161kozen\u00ed. Webov\u00e1 str\u00e1nka spole\u010dnosti a kontaktn\u00ed formul\u00e1\u0159 na webov\u00e9 str\u00e1nce spole\u010dnosti jsou \u0161ifrov\u00e1ny.<\/p>\n<p><strong>4.2. <\/strong>Spole\u010dnost v\u011bnuje zvl\u00e1\u0161tn\u00ed pozornost tomu, aby osobn\u00ed \u00fadaje byly zpracov\u00e1v\u00e1ny v souladu s pravidly zpracov\u00e1n\u00ed osobn\u00edch \u00fadaj\u016f stanoven\u00fdmi v GDPR, tj.:<\/p>\n<ul>\n<li>zpracov\u00e1v\u00e1ny v souladu se z\u00e1konem, poctiv\u011b a transparentn\u011b pro subjekt \u00fadaj\u016f (<strong>pravidlo z\u00e1konnosti, poctivosti a transparentnosti<\/strong>);<\/li>\n<li>shroma\u017e\u010fov\u00e1ny pro konkr\u00e9tn\u00ed, jasn\u011b stanoven\u00e9 a pr\u00e1vn\u011b opr\u00e1vn\u011bn\u00e9 \u00fa\u010dely a d\u00e1le nezpracov\u00e1van\u00e9 zp\u016fsobem, kter\u00fd nen\u00ed v souladu s t\u011bmito \u00fa\u010dely (<strong>pravidlo omezen\u00ed \u00fa\u010delu<\/strong>);<\/li>\n<li>adekv\u00e1tn\u00ed, relevantn\u00ed a omezen\u00e9 na to, co je nezbytn\u00e9 pro \u00fa\u010dely, pro kter\u00e9 jsou zpracov\u00e1v\u00e1ny (<strong>pravidlo minimalizace \u00fadaj\u016f<\/strong>);<\/li>\n<li>spr\u00e1vn\u00e9 a v p\u0159\u00edpad\u011b pot\u0159eby aktualizovan\u00e9; osobn\u00ed \u00fadaje, kter\u00e9 jsou v souladu s \u00fa\u010delem zpracov\u00e1n\u00ed nespr\u00e1vn\u00e9, budou okam\u017eit\u011b vymaz\u00e1ny nebo opraveny (<strong>pravidlo spr\u00e1vnosti<\/strong>);<\/li>\n<li>uchov\u00e1van\u00e9 v podob\u011b, kter\u00e1 umo\u017e\u0148uje identifikaci subjektu \u00fadaj\u016f po dobu, kter\u00e1 nen\u00ed del\u0161\u00ed, ne\u017e je nezbytn\u00e9 pro \u00fa\u010dely, pro kter\u00e9 jsou \u00fadaje zpracov\u00e1v\u00e1ny (<strong>pravidlo omezen\u00ed doby zpracov\u00e1n\u00ed<\/strong>);<\/li>\n<li>zpracov\u00e1v\u00e1ny zp\u016fsobem, kter\u00fd zaji\u0161\u0165uje odpov\u00eddaj\u00edc\u00ed bezpe\u010dnost osobn\u00edch \u00fadaj\u016f, v\u010detn\u011b ochrany p\u0159ed nez\u00e1konn\u00fdm nebo neopr\u00e1vn\u011bn\u00fdm zpracov\u00e1n\u00edm a p\u0159ed n\u00e1hodnou ztr\u00e1tou, zni\u010den\u00edm nebo po\u0161kozen\u00edm, za pou\u017eit\u00ed vhodn\u00fdch technick\u00fdch nebo organiza\u010dn\u00edch opat\u0159en\u00ed (<strong>pravidlo integritn\u00ed a d\u016fv\u011brnosti<\/strong>).<\/li>\n<\/ul>\n<p>&nbsp;<\/p>\n<h3>5. \u00da\u010del zpracov\u00e1n\u00ed osobn\u00edch \u00fadaj\u016f a pr\u00e1vn\u00ed z\u00e1klad<\/h3>\n<p><strong>5.1. <\/strong>Spole\u010dnost shroma\u017e\u010fuje osobn\u00ed \u00fadaje v n\u00e1sleduj\u00edc\u00edch p\u0159\u00edpadech:<\/p>\n<ul>\n<li>u\u017eivatel webov\u00e9 str\u00e1nky spravovan\u00e9 spole\u010dnost\u00ed kontaktuje spole\u010dnost prost\u0159ednictv\u00edm <strong>kontaktn\u00edho formul\u00e1\u0159e, e-mailu nebo telefonicky<\/strong>;<\/li>\n<li>u\u017eivatel webov\u00e9 str\u00e1nky spravovan\u00e9 spole\u010dnost\u00ed se p\u0159ihl\u00e1s\u00ed k odb\u011bru <strong>newsletteru<\/strong>;<\/li>\n<li>osoba, jej\u00ed\u017e \u00fadaje se t\u00fdkaj\u00ed, je na\u0161\u00edm (potenci\u00e1ln\u00edm) obchodn\u00edm partnerem nebo \u010dlenem person\u00e1lu <strong>(potenci\u00e1ln\u00edho) obchodn\u00edho partnera<\/strong>;<\/li>\n<li>osoba, jej\u00ed\u017e \u00fadaje se t\u00fdkaj\u00ed, sleduje profil spole\u010dnosti na <strong>soci\u00e1ln\u00edch m\u00e9di\u00edch<\/strong>, komentuje na\u0161e p\u0159\u00edsp\u011bvky nebo komunikuje prost\u0159ednictv\u00edm t\u011bchto m\u00e9di\u00ed;<\/li>\n<li>osoba, jej\u00ed\u017e \u00fadaje se t\u00fdkaj\u00ed, <strong>souhlas\u00ed se zpracov\u00e1n\u00edm<\/strong> \u00fadaj\u016f pro konkr\u00e9tn\u00ed \u00fa\u010del.<\/li>\n<\/ul>\n<p><strong>5.2.<\/strong> \u00da\u010dely a pr\u00e1vn\u00ed z\u00e1klady shroma\u017e\u010fov\u00e1n\u00ed osobn\u00edch \u00fadaj\u016f v t\u011bchto p\u0159\u00edpadech jsou n\u00e1sleduj\u00edc\u00ed:<\/p>\n<ul type=\"a\">\n<li>v p\u0159\u00edpad\u011b<strong> kontaktn\u00edho formul\u00e1\u0159e, e-mailov\u00e9 zpr\u00e1vy nebo telefonick\u00e9ho kontaktu a nahr\u00e1v\u00e1n\u00ed hovor\u016f budou<\/strong> osobn\u00ed \u00fadaje zpracov\u00e1v\u00e1ny za \u00fa\u010delem jednor\u00e1zov\u00e9ho kontaktu s osobou, jej\u00ed\u017e \u00fadaje se t\u00fdkaj\u00ed, a odpov\u011bdi na dotaz \u2013 pr\u00e1vn\u00ed z\u00e1klad: \u010dl. 6 odst. 1 p\u00edsm. f GDPR (poskytov\u00e1n\u00ed odpov\u011bd\u00ed na dotazy zaslan\u00e9 prost\u0159ednictv\u00edm kontaktn\u00edho formul\u00e1\u0159e nebo jinou formou, v\u010detn\u011b uchov\u00e1n\u00ed relevantn\u00edch \u017e\u00e1dost\u00ed a poskytnut\u00fdch odpov\u011bd\u00ed pro zaji\u0161t\u011bn\u00ed odpov\u011bdnosti);<\/li>\n<li>v p\u0159\u00edpad\u011b <strong>souhlasu s p\u0159ij\u00edm\u00e1n\u00edm marketingov\u00fdch komunikac\u00ed nebo p\u0159ihl\u00e1\u0161en\u00edm k odb\u011bru newsletteru<\/strong> budou osobn\u00ed \u00fadaje pou\u017eity k poskytov\u00e1n\u00ed informac\u00ed o produktech a slu\u017eb\u00e1ch spole\u010dnosti a v p\u0159\u00edpad\u011b ozna\u010den\u00ed mo\u017enosti marketingu skupiny 7R, tak\u00e9 subjekt\u016f pat\u0159\u00edc\u00edch do kapit\u00e1lov\u00e9 skupiny 7R, jejich\u017e aktu\u00e1ln\u00ed seznam je k dispozici <strong>ZDE<\/strong>; poskytnut\u00ed \u00fadaj\u016f a vyj\u00e1d\u0159en\u00ed takov\u00e9ho souhlasu je dobrovoln\u00e9, ale jejich absence znep\u0159\u00edjemn\u00ed p\u0159\u00edjem marketingov\u00e9 komunikace nebo newsletteru \u2013 pr\u00e1vn\u00ed z\u00e1klad: \u010dl. 6 odst. 1 p\u00edsm. a GDPR (prov\u00e1d\u011bn\u00ed marketingov\u00fdch aktivit propaguj\u00edc\u00edch \u010dinnost prost\u0159ednictv\u00edm e-mailov\u00fdch adres a telefonn\u00edch \u010d\u00edsel);<\/li>\n<li>V p\u0159\u00edpad\u011b <strong>snahy o uzav\u0159en\u00ed smlouvy se spole\u010dnost\u00ed<\/strong> budou osobn\u00ed \u00fadaje pou\u017eity pro jej\u00ed realizaci \u2013 pr\u00e1vn\u00ed z\u00e1klad: \u010dl. 6 odst. 1 p\u00edsm. b GDPR, a tak\u00e9 v souvislosti s pln\u011bn\u00edm pr\u00e1vn\u00edch povinnost\u00ed ulo\u017een\u00fdch spole\u010dnosti v souvislosti s uzav\u0159en\u00edm a vy\u00fa\u010dtov\u00e1n\u00edm smlouvy, zejm\u00e9na da\u0148ov\u00fdch a \u00fa\u010detn\u00edch \u2013 pr\u00e1vn\u00ed z\u00e1klad:<u> \u010dl. 6 odst. 1 p\u00edsm. c GDPR.<\/u><\/li>\n<li>Pokud jste osobou <strong>ur\u010denou obchodn\u00edm partnerem k realizaci smlouvy<\/strong>, budou va\u0161e osobn\u00ed \u00fadaje, v\u010detn\u011b jm\u00e9na, p\u0159\u00edjmen\u00ed, pozice, m\u00edsta pr\u00e1ce, e-mailu, telefonn\u00edho \u010d\u00edsla, zpracov\u00e1v\u00e1ny na z\u00e1klad\u011b pr\u00e1vn\u011b opr\u00e1vn\u011bn\u00e9ho z\u00e1jmu spr\u00e1vce spo\u010d\u00edvaj\u00edc\u00edho v komunikaci za \u00fa\u010delem realizace smlouvy \u2013 pr\u00e1vn\u00ed z\u00e1klad: <u>\u010dl. 6 odst. 1 p\u00edsm. f GDPR.<\/u> D\u00e1le informujeme, \u017ee zdrojem osobn\u00edch \u00fadaj\u016f je n\u00e1\u0161 obchodn\u00ed partner a v\u00e1\u0161 zam\u011bstnavatel nebo objednatel.<\/li>\n<li>Osobn\u00ed \u00fadaje <strong>u\u017eivatel\u016f soci\u00e1ln\u00edch m\u00e9di\u00ed zpracov\u00e1van\u00e9 spole\u010dnost\u00ed<\/strong> jsou zpracov\u00e1v\u00e1ny za \u00fa\u010delem informov\u00e1n\u00ed u\u017eivatel\u016f o \u010dinnosti spole\u010dnosti na z\u00e1klad\u011b pr\u00e1vn\u011b opr\u00e1vn\u011bn\u00e9ho z\u00e1jmu spo\u010d\u00edvaj\u00edc\u00edho v propagaci jej\u00ed \u010dinnosti, a tak\u00e9 za \u00fa\u010delem odpov\u011bd\u00ed na zpr\u00e1vy a koment\u00e1\u0159e, p\u0159i\u010dem\u017e pr\u00e1vn\u011b opr\u00e1vn\u011bn\u00fdm z\u00e1jmem je komunikace s u\u017eivateli soci\u00e1ln\u00edch m\u00e9di\u00ed \u2013 pr\u00e1vn\u00ed z\u00e1klad: <u>\u010dl. 6 odst. 1 p\u00edsm. f GDPR.<\/u> D\u00e1le informujeme, \u017ee spr\u00e1vcem osobn\u00edch \u00fadaj\u016f u\u017eivatel\u016f Facebooku a Instagramu je Meta Platforms Ireland Limited, 4 Grand Canal Square, Grand Canal Harbour, Dublin 2, Irsko, a u\u017eivatel\u016f LinkedInu je LinkedIn Ireland Unlimited Company, Wilton Plaza, Wilton Place, Dublin 2, Irsko. Pro sezn\u00e1men\u00ed se s pravidly zpracov\u00e1n\u00ed osobn\u00edch \u00fadaj\u016f t\u011bmito poskytovateli se doporu\u010duje sezn\u00e1mit se s jejich z\u00e1sadami ochrany soukrom\u00ed.<\/li>\n<\/ul>\n<p>&nbsp;<\/p>\n<h3>6. Obdob\u00ed zpracov\u00e1n\u00ed osobn\u00edch \u00fadaj\u016f<\/h3>\n<p><strong>6.1.<\/strong> Spole\u010dnost zkoum\u00e1, zda osobn\u00ed \u00fadaje, kter\u00e9 zpracov\u00e1v\u00e1, nejsou zpracov\u00e1v\u00e1ny po dobu del\u0161\u00ed, ne\u017e je nezbytn\u00e9 pro \u00fa\u010dely, pro kter\u00e9 byly shrom\u00e1\u017ed\u011bny.<\/p>\n<p><strong>6.2.<\/strong> <strong>Osobn\u00ed \u00fadaje zpracov\u00e1van\u00e9 na z\u00e1klad\u011b ud\u011blen\u00e9ho souhlasu<\/strong> budou zpracov\u00e1v\u00e1ny do doby jeho odvol\u00e1n\u00ed nebo do doby, kdy \u00fa\u010del, pro kter\u00fd byly \u00fadaje shrom\u00e1\u017ed\u011bny, pominul. Ud\u011blen\u00fd souhlas m\u016f\u017ee b\u00fdt kdykoliv odvol\u00e1n bez vlivu na z\u00e1konnost zpracov\u00e1n\u00ed proveden\u00e9ho na z\u00e1klad\u011b souhlasu p\u0159ed jeho odvol\u00e1n\u00edm.<\/p>\n<p><strong>6.3. \u00dadaje poskytnut\u00e9 prost\u0159ednictv\u00edm kontaktn\u00edho formul\u00e1\u0159e nebo b\u011bhem telefonick\u00e9ho kontaktu nebo e-mailem<\/strong> budou zpracov\u00e1v\u00e1ny po dobu nezbytnou pro zpracov\u00e1n\u00ed dotazu.<\/p>\n<p><strong>6.4. \u00dadaje zpracov\u00e1van\u00e9 v souvislosti s p\u0159edlo\u017een\u00edm nab\u00eddky, poskytov\u00e1n\u00edm slu\u017eby, uzav\u0159en\u00edm a realizac\u00ed smlouvy <\/strong>budou zpracov\u00e1v\u00e1ny v souladu s platn\u00fdmi p\u0159edpisy, nejd\u00e9le v\u0161ak do uplynut\u00ed lh\u016fty, ve kter\u00e9 m\u016f\u017ee spole\u010dnost nebo osoba, jej\u00ed\u017e \u00fadaje se t\u00fdkaj\u00ed, uplatnit n\u00e1roky s t\u00edmto souvisej\u00edc\u00ed.<\/p>\n<p><strong>6.5. \u00dadaje zpracov\u00e1van\u00e9 pro \u00fa\u010dely p\u0159\u00edm\u00e9ho marketingu <\/strong>budou zpracov\u00e1v\u00e1ny a\u017e do doby, kdy bude souhlas odvol\u00e1n nebo bude vznesen n\u00e1mitka.<\/p>\n<p><strong>6.6.<\/strong> \u00dadaje zpracov\u00e1van\u00e9 spole\u010dnost\u00ed <strong>na soci\u00e1ln\u00edch m\u00e9di\u00edch<\/strong> budou zpracov\u00e1v\u00e1ny do doby, ne\u017e bude n\u00e1\u0161 profil sledov\u00e1n, a v p\u0159\u00edpad\u011b, \u017ee bude polo\u017eena ot\u00e1zka t\u00edmto zp\u016fsobem, budou zpracov\u00e1v\u00e1ny po dobu nezbytnou pro poskytnut\u00ed odpov\u011bdi.<\/p>\n<p><strong>6.7.<\/strong> <strong>V ka\u017ed\u00e9m p\u0159\u00edpad\u011b<\/strong> mohou b\u00fdt osobn\u00ed \u00fadaje zpracov\u00e1v\u00e1ny po dobu, po kterou je mo\u017en\u00e9 uplatnit n\u00e1roky souvisej\u00edc\u00ed s \u010dinnost\u00ed, pro kterou do\u0161lo k zpracov\u00e1n\u00ed osobn\u00edch \u00fadaj\u016f, a to a\u017e do uplynut\u00ed lh\u016fty pro proml\u010den\u00ed t\u011bchto n\u00e1rok\u016f.<\/p>\n<p>&nbsp;<\/p>\n<h3>7. Pr\u00e1va u\u017eivatele<\/h3>\n<p><strong>7.1.<\/strong> Spole\u010dnost odpov\u00edd\u00e1 za realizaci pr\u00e1v osob, jejich\u017e \u00fadaje zpracov\u00e1v\u00e1, v souladu s platn\u00fdmi pr\u00e1vn\u00edmi p\u0159edpisy. V p\u0159\u00edpad\u011b jak\u00fdchkoli dotaz\u016f nebo \u017e\u00e1dost\u00ed t\u00fdkaj\u00edc\u00edch se rozsahu a realizace pr\u00e1v, nebo pro kontaktov\u00e1n\u00ed n\u00e1s za \u00fa\u010delem vyu\u017eit\u00ed konkr\u00e9tn\u00edho pr\u00e1va v oblasti ochrany osobn\u00edch \u00fadaj\u016f, pros\u00edme o kontakt na e-mail: <a href=\"mailto:czech@7rsa.pl\">czech@7rsa.pl<\/a>. Spole\u010dnost si vyhrazuje pr\u00e1vo realizovat n\u00ed\u017ee uveden\u00e1 pr\u00e1va a\u017e po pozitivn\u00ed verifikaci identity osoby, kter\u00e1 \u017e\u00e1d\u00e1 o proveden\u00ed dan\u00e9 \u010dinnosti.<\/p>\n<p><strong>7.2. P\u0159\u00edstup k osobn\u00edm \u00fadaj\u016fm.<\/strong> Fyzick\u00e9 osoby maj\u00ed pr\u00e1vo p\u0159\u00edstupu k \u00fadaj\u016fm, kter\u00e9 spole\u010dnost uchov\u00e1v\u00e1.<\/p>\n<p><strong>7.3. Zm\u011bna osobn\u00edch \u00fadaj\u016f.<\/strong> Fyzick\u00e9 osoby maj\u00ed pr\u00e1vo na zm\u011bnu, v\u010detn\u011b aktualizace sv\u00fdch osobn\u00edch \u00fadaj\u016f, kter\u00e9 spole\u010dnost zpracov\u00e1v\u00e1.<\/p>\n<p><strong>7.4.<\/strong> <strong>Odvol\u00e1n\u00ed souhlasu.<\/strong> V p\u0159\u00edpad\u011b zpracov\u00e1n\u00ed osobn\u00edch \u00fadaj\u016f na z\u00e1klad\u011b souhlasu maj\u00ed fyzick\u00e9 osoby pr\u00e1vo kdykoli tento souhlas odvolat.<\/p>\n<p><strong>7.5.<\/strong> <strong>Pr\u00e1vo na omezen\u00ed zpracov\u00e1n\u00ed nebo n\u00e1mitka proti zpracov\u00e1n\u00ed osobn\u00edch \u00fadaj\u016f.<\/strong> Fyzick\u00e9 osoby maj\u00ed pr\u00e1vo na omezen\u00ed zpracov\u00e1n\u00ed nebo pod\u00e1n\u00ed n\u00e1mitky proti zpracov\u00e1n\u00ed sv\u00fdch osobn\u00edch \u00fadaj\u016f kdykoli, z d\u016fvodu sv\u00e9 zvl\u00e1\u0161tn\u00ed situace, pokud zpracov\u00e1n\u00ed nen\u00ed vy\u017eadov\u00e1no pr\u00e1vn\u00edmi p\u0159edpisy.<\/p>\n<p><strong>7.6.<\/strong>\u00a0<strong>Pr\u00e1vo na v\u00fdmaz \u00fadaj\u016f a pr\u00e1vo na p\u0159enos \u00fadaj\u016f.<\/strong> Fyzick\u00e9 osoby maj\u00ed pr\u00e1vo po\u017eadovat v\u00fdmaz \u00fadaj\u016f, pokud ji\u017e nejsou nezbytn\u00e9 pro \u00fa\u010dely, pro kter\u00e9 byly shrom\u00e1\u017ed\u011bny, v p\u0159\u00edpad\u011b odvol\u00e1n\u00ed souhlasu, pod\u00e1n\u00ed n\u00e1mitky proti zpracov\u00e1n\u00ed nebo pokud je zpracov\u00e1n\u00ed nez\u00e1konn\u00e9. Naopak, pr\u00e1vo na p\u0159enos \u00fadaj\u016f se vztahuje na situace, kdy je zpracov\u00e1n\u00ed \u00fadaj\u016f osoby prov\u00e1d\u011bno na z\u00e1klad\u011b souhlasu nebo smlouvy a zpracov\u00e1n\u00ed je automatizovan\u00e9. V takov\u00e9m p\u0159\u00edpad\u011b spole\u010dnost vyd\u00e1 nebo p\u0159ed\u00e1 po\u017eadovan\u00e9 \u00fadaje osob\u011b, kter\u00e1 o n\u011b \u017e\u00e1d\u00e1, v strukturovan\u00e9m, b\u011b\u017en\u011b pou\u017e\u00edvan\u00e9m form\u00e1tu vhodn\u00e9m pro strojov\u00e9 \u010dten\u00ed.<\/p>\n<p><strong>7.7.<\/strong> Spole\u010dnost informuje, \u017ee nem\u00e1 povinnost vymazat \u00fadaje, pokud je zpracov\u00e1n\u00ed nezbytn\u00e9 pro: pln\u011bn\u00ed pr\u00e1vn\u00ed povinnosti zpracov\u00e1n\u00ed podle pr\u00e1va Unie nebo polsk\u00e9ho pr\u00e1va, nebo pro vykon\u00e1v\u00e1n\u00ed \u00fakolu prov\u00e1d\u011bn\u00e9ho ve ve\u0159ejn\u00e9m z\u00e1jmu nebo pro ur\u010den\u00ed, vym\u00e1h\u00e1n\u00ed nebo obhajobu n\u00e1rok\u016f.<\/p>\n<p><strong>7.8.<\/strong> V ka\u017ed\u00e9m p\u0159\u00edpad\u011b, pokud m\u00e1 fyzick\u00e1 osoba za to, \u017ee jsou poru\u0161ov\u00e1na jej\u00ed pr\u00e1va vypl\u00fdvaj\u00edc\u00ed z pr\u00e1vn\u00edch p\u0159edpis\u016f a t\u00e9to Politiky ochrany osobn\u00edch \u00fadaj\u016f, m\u00e1 <strong>pr\u00e1vo podat st\u00ed\u017enost k p\u0159edsedovi \u00da\u0159adu pro ochranu osobn\u00edch \u00fadaj\u016f.<\/strong><\/p>\n<p>&nbsp;<\/p>\n<h3>8. Sd\u00edlen\u00ed osobn\u00edch \u00fadaj\u016f<\/h3>\n<p><strong>8.1.<\/strong> Va\u0161e osobn\u00ed \u00fadaje mohou b\u00fdt zp\u0159\u00edstupn\u011bny t\u0159et\u00edm stran\u00e1m poskytuj\u00edc\u00edm spole\u010dnosti slu\u017eby, nap\u0159. \u00fa\u010detn\u00ed, pr\u00e1vn\u00ed, auditorsk\u00e9 nebo IT slu\u017eby. D\u00e1le mohou b\u00fdt va\u0161e osobn\u00ed \u00fadaje zp\u0159\u00edstupn\u011bny opr\u00e1vn\u011bn\u00fdm ve\u0159ejn\u00fdm org\u00e1n\u016fm. Existuje tak\u00e9 mo\u017enost jejich zp\u0159\u00edstupn\u011bn\u00ed jin\u00fdm spole\u010dnostem ze skupiny 7R.<\/p>\n<p>&nbsp;<\/p>\n<h3>9. P\u0159ed\u00e1v\u00e1n\u00ed va\u0161ich \u00fadaj\u016f mimo oblast EHP<\/h3>\n<p><strong>9.1.<\/strong> Spole\u010dnost informuje, \u017ee osobn\u00ed \u00fadaje mohou b\u00fdt zpracov\u00e1v\u00e1ny mimo oblast EHP, av\u0161ak v takov\u00e9m p\u0159\u00edpad\u011b p\u0159ij\u00edm\u00e1me kroky k zaji\u0161t\u011bn\u00ed adekv\u00e1tn\u00ed ochrany, zejm\u00e9na vyb\u00edr\u00e1me nebo zavazujeme na\u0161e dodavatele, aby vyb\u00edrali subjekty z zem\u00ed, kter\u00e9 byly rozhodnut\u00edm Evropsk\u00e9 komise uzn\u00e1ny za zaji\u0161\u0165uj\u00edc\u00ed adekv\u00e1tn\u00ed ochranu osobn\u00edch \u00fadaj\u016f, nebo subjekty, kter\u00e9 podepsaly standardn\u00ed smluvn\u00ed dolo\u017eky schv\u00e1len\u00e9 Evropskou komis\u00ed.<\/p>\n<p><strong>9.2.<\/strong> V p\u0159\u00edpad\u011b pot\u0159eby, aby byla zv\u00fd\u0161ena bezpe\u010dnost osobn\u00edch \u00fadaj\u016f, pou\u017e\u00edv\u00e1me dodate\u010dn\u00e1 ochrann\u00e1 opat\u0159en\u00ed, jako je nap\u0159. \u0161ifrov\u00e1n\u00ed.<\/p>\n<p>&nbsp;<\/p>\n<h3>10. Povinnost poskytnut\u00ed osobn\u00edch \u00fadaj\u016f<\/h3>\n<p><strong>10.1.<\/strong> Poskytnut\u00ed osobn\u00edch \u00fadaj\u016f je dobrovoln\u00e9, av\u0161ak jejich neposkytnut\u00ed znemo\u017en\u00ed realizaci \u010dinnosti, pro kterou byly shrom\u00e1\u017ed\u011bny, nap\u0159. poskytnut\u00ed odpov\u011bdi na dotaz, u kter\u00e9ho je nutn\u00e9 identifikovat osobu \u2013 nap\u0159. \u017e\u00e1dost o realizaci pr\u00e1v, zah\u00e1jen\u00ed spolupr\u00e1ce, p\u0159\u00edjem obchodn\u00edch informac\u00ed nebo zpr\u00e1v z newsletteru.<\/p>\n<p>&nbsp;<\/p>\n<h3>11. Zm\u011bny z\u00e1sad ochrany osobn\u00edch \u00fadaj\u016f<\/h3>\n<p><strong>11.1<\/strong> Tyto z\u00e1sady ochrany osobn\u00edch \u00fadaj\u016f jsou \u00fa\u010dinn\u00e9 od 10. kv\u011btna 2024.<\/p>\n<p><strong>11.2.<\/strong> Spole\u010dnost se zavazuje pravideln\u011b prov\u00e1d\u011bt p\u0159ezkum t\u00e9to politiky ochrany osobn\u00edch \u00fadaj\u016f a m\u011bnit ji v p\u0159\u00edpad\u011b, \u017ee to bude nezbytn\u00e9 vzhledem k nov\u00fdm pr\u00e1vn\u00edm p\u0159edpis\u016fm, nov\u00fdm sm\u011brnic\u00edm org\u00e1n\u016f odpov\u011bdn\u00fdch za dohled nad procesy ochrany osobn\u00edch \u00fadaj\u016f, praktik\u00e1m pou\u017e\u00edvan\u00fdm v oblasti ochrany osobn\u00edch \u00fadaj\u016f. Spole\u010dnost si tak\u00e9 vyhrazuje pr\u00e1vo zm\u011bnit tuto politiku ochrany osobn\u00edch \u00fadaj\u016f v p\u0159\u00edpad\u011b zm\u011bn technologi\u00ed pou\u017e\u00edvan\u00fdch k zpracov\u00e1n\u00ed osobn\u00edch \u00fadaj\u016f (pokud zm\u011bna ovlivn\u00ed zn\u011bn\u00ed tohoto dokumentu), stejn\u011b jako v p\u0159\u00edpad\u011b zm\u011bny zp\u016fsobu, \u00fa\u010delu nebo pr\u00e1vn\u00edho z\u00e1kladu zpracov\u00e1n\u00ed osobn\u00edch \u00fadaj\u016f spole\u010dnost\u00ed.<\/p>\n<p>&nbsp;<\/p>\n<p>&nbsp;<\/p>\n        <\/div>\n    <\/section>\n","protected":false},"excerpt":{"rendered":"","protected":false},"author":21,"featured_media":0,"parent":0,"menu_order":0,"comment_status":"closed","ping_status":"open","template":"","meta":{"_acf_changed":false,"footnotes":""},"class_list":["post-7564","page","type-page","status-publish","hentry"],"acf":false,"yoast_head":"<!-- This site is optimized with the Yoast SEO plugin v26.9 - https:\/\/yoast.com\/product\/yoast-seo-wordpress\/ -->\n<title>Z\u00e1sady ochrany osobn\u00edch \u00fadaj\u016f - Grupa 7R - deweloper wysokiej jako\u015bci magazyn\u00f3w<\/title>\n<meta name=\"robots\" content=\"index, follow, max-snippet:-1, max-image-preview:large, max-video-preview:-1\" \/>\n<link rel=\"canonical\" href=\"https:\/\/www.7rsa.pl\/cs\/zasady-ochrany-osobnich-udaju\/\" \/>\n<meta property=\"og:locale\" content=\"cs_CZ\" \/>\n<meta property=\"og:type\" content=\"article\" \/>\n<meta property=\"og:title\" content=\"Z\u00e1sady ochrany osobn\u00edch \u00fadaj\u016f - Grupa 7R - deweloper wysokiej jako\u015bci magazyn\u00f3w\" \/>\n<meta property=\"og:url\" content=\"https:\/\/www.7rsa.pl\/cs\/zasady-ochrany-osobnich-udaju\/\" \/>\n<meta property=\"og:site_name\" content=\"Grupa 7R - deweloper wysokiej jako\u015bci magazyn\u00f3w\" \/>\n<meta property=\"article:modified_time\" content=\"2025-03-26T12:21:43+00:00\" \/>\n<meta name=\"twitter:card\" content=\"summary_large_image\" \/>\n<script type=\"application\/ld+json\" class=\"yoast-schema-graph\">{\"@context\":\"https:\/\/schema.org\",\"@graph\":[{\"@type\":\"WebPage\",\"@id\":\"https:\/\/www.7rsa.pl\/cs\/zasady-ochrany-osobnich-udaju\/\",\"url\":\"https:\/\/www.7rsa.pl\/cs\/zasady-ochrany-osobnich-udaju\/\",\"name\":\"Z\u00e1sady ochrany osobn\u00edch \u00fadaj\u016f - Grupa 7R - deweloper wysokiej jako\u015bci magazyn\u00f3w\",\"isPartOf\":{\"@id\":\"https:\/\/www.7rsa.pl\/cs\/#website\"},\"datePublished\":\"2024-01-29T08:21:44+00:00\",\"dateModified\":\"2025-03-26T12:21:43+00:00\",\"breadcrumb\":{\"@id\":\"https:\/\/www.7rsa.pl\/cs\/zasady-ochrany-osobnich-udaju\/#breadcrumb\"},\"inLanguage\":\"cs\",\"potentialAction\":[{\"@type\":\"ReadAction\",\"target\":[\"https:\/\/www.7rsa.pl\/cs\/zasady-ochrany-osobnich-udaju\/\"]}]},{\"@type\":\"BreadcrumbList\",\"@id\":\"https:\/\/www.7rsa.pl\/cs\/zasady-ochrany-osobnich-udaju\/#breadcrumb\",\"itemListElement\":[{\"@type\":\"ListItem\",\"position\":1,\"name\":\"Home\",\"item\":\"https:\/\/www.7rsa.pl\/cs\/\"},{\"@type\":\"ListItem\",\"position\":2,\"name\":\"Z\u00e1sady ochrany osobn\u00edch \u00fadaj\u016f\"}]},{\"@type\":\"WebSite\",\"@id\":\"https:\/\/www.7rsa.pl\/cs\/#website\",\"url\":\"https:\/\/www.7rsa.pl\/cs\/\",\"name\":\"Grupa 7R - deweloper wysokiej jako\u015bci magazyn\u00f3w\",\"description\":\"Magazyny logistyczne i hale magazynowe do wynaj\u0119cia - 7R\",\"potentialAction\":[{\"@type\":\"SearchAction\",\"target\":{\"@type\":\"EntryPoint\",\"urlTemplate\":\"https:\/\/www.7rsa.pl\/cs\/?s={search_term_string}\"},\"query-input\":{\"@type\":\"PropertyValueSpecification\",\"valueRequired\":true,\"valueName\":\"search_term_string\"}}],\"inLanguage\":\"cs\"}]}<\/script>\n<!-- \/ Yoast SEO plugin. -->","yoast_head_json":{"title":"Z\u00e1sady ochrany osobn\u00edch \u00fadaj\u016f - Grupa 7R - deweloper wysokiej jako\u015bci magazyn\u00f3w","robots":{"index":"index","follow":"follow","max-snippet":"max-snippet:-1","max-image-preview":"max-image-preview:large","max-video-preview":"max-video-preview:-1"},"canonical":"https:\/\/www.7rsa.pl\/cs\/zasady-ochrany-osobnich-udaju\/","og_locale":"cs_CZ","og_type":"article","og_title":"Z\u00e1sady ochrany osobn\u00edch \u00fadaj\u016f - Grupa 7R - deweloper wysokiej jako\u015bci magazyn\u00f3w","og_url":"https:\/\/www.7rsa.pl\/cs\/zasady-ochrany-osobnich-udaju\/","og_site_name":"Grupa 7R - deweloper wysokiej jako\u015bci magazyn\u00f3w","article_modified_time":"2025-03-26T12:21:43+00:00","twitter_card":"summary_large_image","schema":{"@context":"https:\/\/schema.org","@graph":[{"@type":"WebPage","@id":"https:\/\/www.7rsa.pl\/cs\/zasady-ochrany-osobnich-udaju\/","url":"https:\/\/www.7rsa.pl\/cs\/zasady-ochrany-osobnich-udaju\/","name":"Z\u00e1sady ochrany osobn\u00edch \u00fadaj\u016f - Grupa 7R - deweloper wysokiej jako\u015bci magazyn\u00f3w","isPartOf":{"@id":"https:\/\/www.7rsa.pl\/cs\/#website"},"datePublished":"2024-01-29T08:21:44+00:00","dateModified":"2025-03-26T12:21:43+00:00","breadcrumb":{"@id":"https:\/\/www.7rsa.pl\/cs\/zasady-ochrany-osobnich-udaju\/#breadcrumb"},"inLanguage":"cs","potentialAction":[{"@type":"ReadAction","target":["https:\/\/www.7rsa.pl\/cs\/zasady-ochrany-osobnich-udaju\/"]}]},{"@type":"BreadcrumbList","@id":"https:\/\/www.7rsa.pl\/cs\/zasady-ochrany-osobnich-udaju\/#breadcrumb","itemListElement":[{"@type":"ListItem","position":1,"name":"Home","item":"https:\/\/www.7rsa.pl\/cs\/"},{"@type":"ListItem","position":2,"name":"Z\u00e1sady ochrany osobn\u00edch \u00fadaj\u016f"}]},{"@type":"WebSite","@id":"https:\/\/www.7rsa.pl\/cs\/#website","url":"https:\/\/www.7rsa.pl\/cs\/","name":"Grupa 7R - deweloper wysokiej jako\u015bci magazyn\u00f3w","description":"Magazyny logistyczne i hale magazynowe do wynaj\u0119cia - 7R","potentialAction":[{"@type":"SearchAction","target":{"@type":"EntryPoint","urlTemplate":"https:\/\/www.7rsa.pl\/cs\/?s={search_term_string}"},"query-input":{"@type":"PropertyValueSpecification","valueRequired":true,"valueName":"search_term_string"}}],"inLanguage":"cs"}]}},"_links":{"self":[{"href":"https:\/\/www.7rsa.pl\/cs\/wp-json\/wp\/v2\/pages\/7564","targetHints":{"allow":["GET"]}}],"collection":[{"href":"https:\/\/www.7rsa.pl\/cs\/wp-json\/wp\/v2\/pages"}],"about":[{"href":"https:\/\/www.7rsa.pl\/cs\/wp-json\/wp\/v2\/types\/page"}],"author":[{"embeddable":true,"href":"https:\/\/www.7rsa.pl\/cs\/wp-json\/wp\/v2\/users\/21"}],"replies":[{"embeddable":true,"href":"https:\/\/www.7rsa.pl\/cs\/wp-json\/wp\/v2\/comments?post=7564"}],"version-history":[{"count":8,"href":"https:\/\/www.7rsa.pl\/cs\/wp-json\/wp\/v2\/pages\/7564\/revisions"}],"predecessor-version":[{"id":7783,"href":"https:\/\/www.7rsa.pl\/cs\/wp-json\/wp\/v2\/pages\/7564\/revisions\/7783"}],"wp:attachment":[{"href":"https:\/\/www.7rsa.pl\/cs\/wp-json\/wp\/v2\/media?parent=7564"}],"curies":[{"name":"wp","href":"https:\/\/api.w.org\/{rel}","templated":true}]}}